{"id":240,"date":"2025-02-09T15:40:13","date_gmt":"2025-02-09T15:40:13","guid":{"rendered":"https:\/\/schtetlstimmen.kzrme.de\/?page_id=240"},"modified":"2025-08-11T12:48:55","modified_gmt":"2025-08-11T12:48:55","slug":"auffuehrungen","status":"publish","type":"page","link":"https:\/\/schtetlstimmen.kzrme.de\/index.php\/auffuehrungen\/","title":{"rendered":"Auff\u00fchrungen"},"content":{"rendered":"\t\t<div data-elementor-type=\"wp-page\" data-elementor-id=\"240\" class=\"elementor elementor-240\">\n\t\t\t\t<div class=\"elementor-element elementor-element-14cd6aa e-grid e-con-full e-con e-parent\" data-id=\"14cd6aa\" data-element_type=\"container\" data-e-type=\"container\" data-settings=\"{&quot;background_background&quot;:&quot;classic&quot;}\">\n\t\t\t\t<div class=\"elementor-element elementor-element-5a07273 elementor-widget elementor-widget-text-editor\" data-id=\"5a07273\" data-element_type=\"widget\" data-e-type=\"widget\" data-widget_type=\"text-editor.default\">\n\t\t\t\t<div class=\"elementor-widget-container\">\n\t\t\t\t\t\t\t\t\t<p style=\"text-align: left;\"><span style=\"color: #859bac;\"><strong>Teil 1<br \/>beruf &amp; arbeit im schtetl<\/strong><br \/><\/span><strong><span style=\"color: #859bac;\">14. September 2025<br \/>17 Uhr<\/span><\/strong><\/p><p><br \/><a title=\"Tuxyso\u00a0\/\u00a0Wikimedia Commons\" href=\"https:\/\/commons.wikimedia.org\/wiki\/File:Alte_Synagoge_Essen_2014.jpg\"><img decoding=\"async\" class=\"aligncenter\" src=\"https:\/\/upload.wikimedia.org\/wikipedia\/commons\/thumb\/8\/84\/Alte_Synagoge_Essen_2014.jpg\/512px-Alte_Synagoge_Essen_2014.jpg?20140420064042\" alt=\"Alte Synagoge Essen 2014\" width=\"512\" \/><\/a><\/p><p style=\"text-align: left;\"><a href=\"https:\/\/www.essen.de\/leben\/kultur_\/alte_synagoge\/alte_synagoge_startseite.de.html\" target=\"_blank\" rel=\"noopener\"><span style=\"color: #859bac;\">Alte Synagoge &#8211; Haus j\u00fcdischer Kultur<\/span><\/a><br \/><span style=\"color: #859bac;\">Edmund-K\u00f6rner-Platz 1<\/span><br \/><span style=\"color: #859bac;\">45127 Essen<\/span><\/p><p style=\"text-align: left;\"><span style=\"color: #b5a800;\"><strong>Teil 2<br \/><\/strong><strong>wohnen &amp; leben im schtetl<br \/><\/strong><strong>5. Oktober 2025<br \/>18 Uhr<\/strong><\/span><\/p><p><a title=\"Tuxyso\u00a0\/\u00a0Wikimedia Commons\" href=\"https:\/\/commons.wikimedia.org\/wiki\/File:Christuskirche-Essen-Altendorf-2013.jpg\"><img decoding=\"async\" class=\"aligncenter\" src=\"https:\/\/upload.wikimedia.org\/wikipedia\/commons\/thumb\/c\/c1\/Christuskirche-Essen-Altendorf-2013.jpg\/512px-Christuskirche-Essen-Altendorf-2013.jpg?20130605204910\" alt=\"Christuskirche-Essen-Altendorf-2013\" width=\"512\" \/><\/a><\/p><p style=\"text-align: left;\"><span style=\"color: #b5a800;\"><a style=\"color: #b5a800;\" href=\"https:\/\/www.essen-altendorf.ekir.de\/\" target=\"_blank\" rel=\"noopener\">Christuskirche<\/a><\/span><br \/><span style=\"color: #b5a800;\">R\u00f6ntgenstra\u00dfe 14<\/span><br \/><span style=\"color: #b5a800;\">45143 Essen-Altendorf<\/span><\/p><p style=\"text-align: left;\"><span style=\"color: #974845;\"><strong>Teil 3<br \/><\/strong><strong>das unerwartete im schtetl<br \/>18. Oktober 2025<br \/>18 Uhr<\/strong><\/span><\/p><p><a title=\"Wiki05, Public domain, via Wikimedia Commons\" href=\"https:\/\/commons.wikimedia.org\/wiki\/File:Ev._Erl%C3%B6serkirche_Essen_S%C3%BCdviertel.jpg\"><img decoding=\"async\" class=\"aligncenter\" src=\"https:\/\/upload.wikimedia.org\/wikipedia\/commons\/thumb\/7\/7c\/Ev._Erl%C3%B6serkirche_Essen_S%C3%BCdviertel.jpg\/512px-Ev._Erl%C3%B6serkirche_Essen_S%C3%BCdviertel.jpg?20080218175112\" alt=\"Ev. Erl\u00f6serkirche Essen S\u00fcdviertel\" width=\"512\" \/><\/a><\/p><p style=\"text-align: left;\"><span style=\"color: #974845;\"><a style=\"color: #974845;\" href=\"https:\/\/kulturkirche-essen.de\/kk-erloeserkirche-essen.php\" target=\"_blank\" rel=\"noopener\">Erl\u00f6serkirche<\/a><\/span><br \/><span style=\"color: #974845;\">Friedrichstra\u00dfe 17<\/span><br \/><span style=\"color: #974845;\">45128 Essen<\/span><\/p>\t\t\t\t\t\t\t\t<\/div>\n\t\t\t\t<\/div>\n\t\t\t\t<\/div>\n\t\t<div class=\"elementor-element elementor-element-3814c19 e-flex e-con-boxed e-con e-parent\" data-id=\"3814c19\" data-element_type=\"container\" data-e-type=\"container\">\n\t\t\t\t\t<div class=\"e-con-inner\">\n\t\t\t\t\t<\/div>\n\t\t\t\t<\/div>\n\t\t\t\t<\/div>\n\t\t","protected":false},"excerpt":{"rendered":"<p>Teil 1beruf &amp; arbeit im schtetl14. September 202517 Uhr Alte Synagoge &#8211; Haus j\u00fcdischer KulturEdmund-K\u00f6rner-Platz 145127 Essen Teil 2wohnen &amp; leben im schtetl5. Oktober 202518 Uhr ChristuskircheR\u00f6ntgenstra\u00dfe 1445143 Essen-Altendorf Teil 3das unerwartete im schtetl18. Oktober 202518 Uhr Erl\u00f6serkircheFriedrichstra\u00dfe 1745128 Essen<\/p>\n","protected":false},"author":1,"featured_media":0,"parent":0,"menu_order":0,"comment_status":"closed","ping_status":"closed","template":"","meta":{"footnotes":""},"class_list":["post-240","page","type-page","status-publish"],"_links":{"self":[{"href":"https:\/\/schtetlstimmen.kzrme.de\/index.php\/wp-json\/wp\/v2\/page\/240","targetHints":{"allow":["GET"]}}],"collection":[{"href":"https:\/\/schtetlstimmen.kzrme.de\/index.php\/wp-json\/wp\/v2\/page"}],"about":[{"href":"https:\/\/schtetlstimmen.kzrme.de\/index.php\/wp-json\/wp\/v2\/types\/page"}],"author":[{"embeddable":true,"href":"https:\/\/schtetlstimmen.kzrme.de\/index.php\/wp-json\/wp\/v2\/users\/1"}],"replies":[{"embeddable":true,"href":"https:\/\/schtetlstimmen.kzrme.de\/index.php\/wp-json\/wp\/v2\/comments?post=240"}],"version-history":[{"count":49,"href":"https:\/\/schtetlstimmen.kzrme.de\/index.php\/wp-json\/wp\/v2\/page\/240\/revisions"}],"predecessor-version":[{"id":1178,"href":"https:\/\/schtetlstimmen.kzrme.de\/index.php\/wp-json\/wp\/v2\/page\/240\/revisions\/1178"}],"wp:attachment":[{"href":"https:\/\/schtetlstimmen.kzrme.de\/index.php\/wp-json\/wp\/v2\/media?parent=240"}],"curies":[{"name":"wp","href":"https:\/\/api.w.org\/{rel}","templated":true}]}}