{"id":416,"date":"2025-03-12T09:54:13","date_gmt":"2025-03-12T09:54:13","guid":{"rendered":"https:\/\/schtetlstimmen.kzrme.de\/?page_id=416"},"modified":"2025-05-17T08:30:12","modified_gmt":"2025-05-17T08:30:12","slug":"rk","status":"publish","type":"page","link":"https:\/\/schtetlstimmen.kzrme.de\/index.php\/team\/rk\/","title":{"rendered":""},"content":{"rendered":"\t\t<div data-elementor-type=\"wp-page\" data-elementor-id=\"416\" class=\"elementor elementor-416\">\n\t\t\t\t<div class=\"elementor-element elementor-element-b86ef50 e-flex e-con-boxed e-con e-parent\" data-id=\"b86ef50\" data-element_type=\"container\" data-e-type=\"container\">\n\t\t\t\t\t<div class=\"e-con-inner\">\n\t\t\t\t<div class=\"elementor-element elementor-element-d21603e elementor-widget elementor-widget-spacer\" data-id=\"d21603e\" data-element_type=\"widget\" data-e-type=\"widget\" data-widget_type=\"spacer.default\">\n\t\t\t\t<div class=\"elementor-widget-container\">\n\t\t\t\t\t\t\t<div class=\"elementor-spacer\">\n\t\t\t<div class=\"elementor-spacer-inner\"><\/div>\n\t\t<\/div>\n\t\t\t\t\t\t<\/div>\n\t\t\t\t<\/div>\n\t\t\t\t\t<\/div>\n\t\t\t\t<\/div>\n\t\t<div class=\"elementor-element elementor-element-14cd6aa e-con-full e-flex e-con e-parent\" data-id=\"14cd6aa\" data-element_type=\"container\" data-e-type=\"container\" data-settings=\"{&quot;background_background&quot;:&quot;classic&quot;}\">\n\t\t\t\t<div class=\"elementor-element elementor-element-5a07273 elementor-widget elementor-widget-text-editor\" data-id=\"5a07273\" data-element_type=\"widget\" data-e-type=\"widget\" data-widget_type=\"text-editor.default\">\n\t\t\t\t<div class=\"elementor-widget-container\">\n\t\t\t\t\t\t\t\t\t<span style=\"color: #ae9363;\"><strong>RALF KAUPENJOHANN<\/strong><\/span><br>\n<span style=\"color: #ae9363;\">\nGeboren 1958 in Bochum. Er studierte Akkordeon an der Musikhochschule Dortmund bei Guido Wagner. Fernab der g\u00e4ngigen Akkordeonliteratur l\u00e4\u00dft er sein Instrument in unterschiedlichsten musikalischen Stilistiken und Besetzungen erklingen.<\/span>\n\n<span style=\"color: #ae9363;\">So spielte er beispielsweise in der international besetzten Formation Collage des Ba\u00dfklarinettisten und Komponisten Eckard Koltermann und wirkte bei dem Projekt \u201eMaschinenmusik\u201c f\u00fcr vier Schlagzeuger, Sprechern und Akkordeon mit. Dar\u00fcber hinaus arbeitete er an vielen B\u00fchnen als Musiker bei Theater- und Opernproduktionen (u.a. Bochum, K\u00f6ln, Moers, Recklinghausen, Weimar). Er war Mitbegr\u00fcnder der \u201eNeuen Organisation Musik\u201c (nom) und mit dieser Organisator der Jazzreihe \u201eVom H\u00f6ren Neuer T\u00f6ne\u201c in Moers in den neunziger Jahren sowie Produzent bei Schallplatten und CDs des nom-Labels. Er war st\u00e4ndiges Mitglied der <a style=\"color: #974845;\" href=\"https:\/\/www.niehusmann.org\/rue2musik\/\" target=\"_blank\" rel=\"noopener noreferrer\">R\u00fc2Band<\/a> 2014\/2015.<\/span>\n\n<span style=\"color: #ae9363;\">Schallplatten-, CD- und Rundfunkaufnahmen u.a. Martin Blume, Christoph Eidens, Hans Kanty, Eckard Koltermann, Achim Kr\u00e4mer, Kalle Mews, Simon Nabatov, Lauren Newton und dem Ensemble DRAj. Mitbegr\u00fcnder des Ensembles <a style=\"color: #974845;\" href=\"http:\/\/shtetl.eu\/\">shtetl<\/a>.<\/span>\t\t\t\t\t\t\t\t<\/div>\n\t\t\t\t<\/div>\n\t\t<div class=\"elementor-element elementor-element-d174eb2 e-con-full e-flex e-con e-child\" data-id=\"d174eb2\" data-element_type=\"container\" data-e-type=\"container\">\n\t\t\t\t<div class=\"elementor-element elementor-element-4ce9133 elementor-widget elementor-widget-image\" data-id=\"4ce9133\" data-element_type=\"widget\" data-e-type=\"widget\" data-widget_type=\"image.default\">\n\t\t\t\t<div class=\"elementor-widget-container\">\n\t\t\t\t\t\t\t\t\t\t\t\t\t\t\t<img decoding=\"async\" src=\"https:\/\/schtetlstimmen.kzrme.de\/wp-content\/uploads\/elementor\/thumbs\/Musikprojekt_Farbe_grosler__Web_Res-12-scaled-r4jsspibbzxkci1xrd5eb42jj1tpezolbotktvungg.jpg\" title=\"Ralf Kaupenjohann (Akkordeon) &#8211; \u00a9 k\u1e91rme | Foto: Michael Grosler 2025\" alt=\"Ralf Kaupenjohann (Akkordeon) - \u00a9 k\u1e91rme | Foto: Michael Grosler 2025\" loading=\"lazy\" \/>\t\t\t\t\t\t\t\t\t\t\t\t\t\t\t<\/div>\n\t\t\t\t<\/div>\n\t\t\t\t<\/div>\n\t\t\t\t<\/div>\n\t\t\t\t<\/div>\n\t\t","protected":false},"excerpt":{"rendered":"<p>RALF KAUPENJOHANN Geboren 1958 in Bochum. Er studierte Akkordeon an der Musikhochschule Dortmund bei Guido Wagner. Fernab der g\u00e4ngigen Akkordeonliteratur l\u00e4\u00dft er sein Instrument in unterschiedlichsten musikalischen Stilistiken und Besetzungen erklingen. So spielte er beispielsweise in der international besetzten Formation Collage des Ba\u00dfklarinettisten und Komponisten Eckard Koltermann und wirkte bei dem Projekt \u201eMaschinenmusik\u201c f\u00fcr vier [&hellip;]<\/p>\n","protected":false},"author":1,"featured_media":0,"parent":256,"menu_order":0,"comment_status":"closed","ping_status":"closed","template":"","meta":{"footnotes":""},"class_list":["post-416","page","type-page","status-publish"],"_links":{"self":[{"href":"https:\/\/schtetlstimmen.kzrme.de\/index.php\/wp-json\/wp\/v2\/page\/416","targetHints":{"allow":["GET"]}}],"collection":[{"href":"https:\/\/schtetlstimmen.kzrme.de\/index.php\/wp-json\/wp\/v2\/page"}],"about":[{"href":"https:\/\/schtetlstimmen.kzrme.de\/index.php\/wp-json\/wp\/v2\/types\/page"}],"author":[{"embeddable":true,"href":"https:\/\/schtetlstimmen.kzrme.de\/index.php\/wp-json\/wp\/v2\/users\/1"}],"replies":[{"embeddable":true,"href":"https:\/\/schtetlstimmen.kzrme.de\/index.php\/wp-json\/wp\/v2\/comments?post=416"}],"version-history":[{"count":50,"href":"https:\/\/schtetlstimmen.kzrme.de\/index.php\/wp-json\/wp\/v2\/page\/416\/revisions"}],"predecessor-version":[{"id":946,"href":"https:\/\/schtetlstimmen.kzrme.de\/index.php\/wp-json\/wp\/v2\/page\/416\/revisions\/946"}],"up":[{"embeddable":true,"href":"https:\/\/schtetlstimmen.kzrme.de\/index.php\/wp-json\/wp\/v2\/page\/256"}],"wp:attachment":[{"href":"https:\/\/schtetlstimmen.kzrme.de\/index.php\/wp-json\/wp\/v2\/media?parent=416"}],"curies":[{"name":"wp","href":"https:\/\/api.w.org\/{rel}","templated":true}]}}