{"id":421,"date":"2025-03-12T09:56:23","date_gmt":"2025-03-12T09:56:23","guid":{"rendered":"https:\/\/schtetlstimmen.kzrme.de\/?page_id=421"},"modified":"2025-05-26T08:59:09","modified_gmt":"2025-05-26T08:59:09","slug":"mez","status":"publish","type":"page","link":"https:\/\/schtetlstimmen.kzrme.de\/index.php\/team\/mez\/","title":{"rendered":""},"content":{"rendered":"\t\t<div data-elementor-type=\"wp-page\" data-elementor-id=\"421\" class=\"elementor elementor-421\">\n\t\t\t\t<div class=\"elementor-element elementor-element-d70a530 e-flex e-con-boxed e-con e-parent\" data-id=\"d70a530\" data-element_type=\"container\" data-e-type=\"container\">\n\t\t\t\t\t<div class=\"e-con-inner\">\n\t\t\t\t<div class=\"elementor-element elementor-element-4b35311 elementor-widget elementor-widget-spacer\" data-id=\"4b35311\" data-element_type=\"widget\" data-e-type=\"widget\" data-widget_type=\"spacer.default\">\n\t\t\t\t<div class=\"elementor-widget-container\">\n\t\t\t\t\t\t\t<div class=\"elementor-spacer\">\n\t\t\t<div class=\"elementor-spacer-inner\"><\/div>\n\t\t<\/div>\n\t\t\t\t\t\t<\/div>\n\t\t\t\t<\/div>\n\t\t\t\t\t<\/div>\n\t\t\t\t<\/div>\n\t\t<div class=\"elementor-element elementor-element-14cd6aa e-con-full e-flex e-con e-parent\" data-id=\"14cd6aa\" data-element_type=\"container\" data-e-type=\"container\" data-settings=\"{&quot;background_background&quot;:&quot;classic&quot;}\">\n\t\t\t\t<div class=\"elementor-element elementor-element-5a07273 elementor-widget elementor-widget-text-editor\" data-id=\"5a07273\" data-element_type=\"widget\" data-e-type=\"widget\" data-widget_type=\"text-editor.default\">\n\t\t\t\t<div class=\"elementor-widget-container\">\n\t\t\t\t\t\t\t\t\t<p><strong><span style=\"color: #ae9363;\">MARKUS EMANUEL ZAJA<\/span><\/strong><br \/><span style=\"color: #ae9363;\"><br \/>Geboren 1964 in der alten Hansestadt L\u00fcneburg, lebt seit 1990 im Ruhrgebiet. Er studierte Musikwissenschaften in G\u00f6ttingen, sp\u00e4ter Klarinette bei Theo J\u00f6rgensmann (Universit\u00e4t Duisburg) und Perry Robinson (New Jersey). Er erhielt 1993 bis 1997 das Stipendium \u201eK\u00fcnstlerwohnung Schlo\u00df Borbeck\u201c in Essen. Zahlreiche Konzerte in den romanischen Domen Europas und bedeutenden Galerien zeigen ihn als Komponisten (Musik \u00fcber die selbst erbaute Skulpturenserie \u201eDie Platonischen K\u00f6rper\u201c, 1995 Galerie Sch\u00fcppenhauer in K\u00f6ln mit damals sensationellem Live-CD Mitschnitt, Werke f\u00fcr Chor und Elektronik, Expo2000) und als Improvisator (Museum Folkwang, Essen; Expo2000, Hannover; Bachfest Leipzig 1995 und 2000; 2008 in Oxford, Cambridge, London, 2013 und 2014 Utrecht). Er wirkte von 2012 bis 2015 in der legend\u00e4ren <a style=\"color: #974845;\" href=\"http:\/\/trinkhallentour.ruhr\/\" target=\"_blank\" rel=\"noopener noreferrer\">Trinkhallen Tour Ruhr<\/a> mit, einer Reihe f\u00fcr improvisierte Musik mit vier Ba\u00dfklarinettenvirtuosen und G\u00e4sten aller K\u00fcnste in den Kiosken der Ruhrmetropole. Mitbegr\u00fcnder des Ensembles <a style=\"color: #974845;\" href=\"http:\/\/shtetl.eu\/\">shtetl<\/a>.<\/span><\/p><p><span style=\"color: #ae9363;\">Gedichtb\u00e4nde: \u201eDove Sei\u201c (2012), \u201eSharav\u201c (2013), \u201eIns neue Land\u201c (2014).<\/span><\/p><p><span style=\"color: #ae9363;\">Markus Emanuel Zaja unterrichtete von 2007 bis 2012 an der Folkwang Universit\u00e4t der K\u00fcnste, Essen und von 2008 bis 2013 an der Bisch\u00f6flichen Kirchenmusikschule Essen. 2019 wurde Markus Emanuel Zaja in M\u00fclheim\/Ruhr mit der <a style=\"color: #974845;\" href=\"https:\/\/www.lokalkompass.de\/muelheim\/c-kultur\/auszeichnung-fuer-den-musiker-markus-emanuel-zaja_a1057326\" target=\"_blank\" rel=\"noopener noreferrer\">Nikolaus-Gro\u00df-Medaille<\/a> ausgezeichnet. 2022 wurde er Preistr\u00e4ger des Wettbewerbs \u201e<a style=\"color: #974845;\" href=\"https:\/\/www.kulturelle-integration.de\/2022\/10\/06\/gewinnertexte-wurden-im-literaturhaus-berlin-praemiert\" target=\"_blank\" rel=\"noopener\">L\u2019Chaim: Schreib zum j\u00fcdischen Leben in Deutschland!<\/a>\u201c der Staatsministerin f\u00fcr Kultur und Medien, des Beauftragten der Bundesregierung f\u00fcr j\u00fcdisches Leben in Deutschland und den Kampf gegen Antisemitismus, des Zentralrats der Juden in Deutschland und der Initiative kulturelle Integration.<\/span><\/p>\t\t\t\t\t\t\t\t<\/div>\n\t\t\t\t<\/div>\n\t\t<div class=\"elementor-element elementor-element-9f6d9e3 e-con-full e-flex e-con e-child\" data-id=\"9f6d9e3\" data-element_type=\"container\" data-e-type=\"container\">\n\t\t\t\t<div class=\"elementor-element elementor-element-8ce997a elementor-widget elementor-widget-image\" data-id=\"8ce997a\" data-element_type=\"widget\" data-e-type=\"widget\" data-widget_type=\"image.default\">\n\t\t\t\t<div class=\"elementor-widget-container\">\n\t\t\t\t\t\t\t\t\t\t\t\t\t\t\t<img decoding=\"async\" src=\"https:\/\/schtetlstimmen.kzrme.de\/wp-content\/uploads\/elementor\/thumbs\/Musikprojekt_Farbe_grosler__Web_Res-11-scaled-r4jsurrkbwr7tp22pr8xa3byghnpb2vdxwcxqqsjsw.jpg\" title=\"Markus Emanuel Zaja (Klarinette) &#8211; \u00a9 k\u1e91rme | Foto: Michael Grosler 2025\" alt=\"Markus Emanuel Zaja (Klarinette) - \u00a9 k\u1e91rme | Foto: Michael Grosler 2025\" loading=\"lazy\" \/>\t\t\t\t\t\t\t\t\t\t\t\t\t\t\t<\/div>\n\t\t\t\t<\/div>\n\t\t\t\t<\/div>\n\t\t\t\t<\/div>\n\t\t\t\t<\/div>\n\t\t","protected":false},"excerpt":{"rendered":"<p>MARKUS EMANUEL ZAJA Geboren 1964 in der alten Hansestadt L\u00fcneburg, lebt seit 1990 im Ruhrgebiet. Er studierte Musikwissenschaften in G\u00f6ttingen, sp\u00e4ter Klarinette bei Theo J\u00f6rgensmann (Universit\u00e4t Duisburg) und Perry Robinson (New Jersey). Er erhielt 1993 bis 1997 das Stipendium \u201eK\u00fcnstlerwohnung Schlo\u00df Borbeck\u201c in Essen. Zahlreiche Konzerte in den romanischen Domen Europas und bedeutenden Galerien zeigen [&hellip;]<\/p>\n","protected":false},"author":1,"featured_media":0,"parent":256,"menu_order":0,"comment_status":"closed","ping_status":"closed","template":"","meta":{"footnotes":""},"class_list":["post-421","page","type-page","status-publish"],"_links":{"self":[{"href":"https:\/\/schtetlstimmen.kzrme.de\/index.php\/wp-json\/wp\/v2\/page\/421","targetHints":{"allow":["GET"]}}],"collection":[{"href":"https:\/\/schtetlstimmen.kzrme.de\/index.php\/wp-json\/wp\/v2\/page"}],"about":[{"href":"https:\/\/schtetlstimmen.kzrme.de\/index.php\/wp-json\/wp\/v2\/types\/page"}],"author":[{"embeddable":true,"href":"https:\/\/schtetlstimmen.kzrme.de\/index.php\/wp-json\/wp\/v2\/users\/1"}],"replies":[{"embeddable":true,"href":"https:\/\/schtetlstimmen.kzrme.de\/index.php\/wp-json\/wp\/v2\/comments?post=421"}],"version-history":[{"count":59,"href":"https:\/\/schtetlstimmen.kzrme.de\/index.php\/wp-json\/wp\/v2\/page\/421\/revisions"}],"predecessor-version":[{"id":1040,"href":"https:\/\/schtetlstimmen.kzrme.de\/index.php\/wp-json\/wp\/v2\/page\/421\/revisions\/1040"}],"up":[{"embeddable":true,"href":"https:\/\/schtetlstimmen.kzrme.de\/index.php\/wp-json\/wp\/v2\/page\/256"}],"wp:attachment":[{"href":"https:\/\/schtetlstimmen.kzrme.de\/index.php\/wp-json\/wp\/v2\/media?parent=421"}],"curies":[{"name":"wp","href":"https:\/\/api.w.org\/{rel}","templated":true}]}}